{"id":78001,"date":"2022-10-04T10:14:08","date_gmt":"2022-10-04T14:14:08","guid":{"rendered":"https:\/\/medecine.umontreal.ca\/faq-international-mobility\/"},"modified":"2026-08-28T18:30:01","modified_gmt":"2026-08-28T22:30:01","slug":"faq-international-mobility","status":"publish","type":"page","link":"https:\/\/medecine.umontreal.ca\/en\/international\/faq-international-mobility\/","title":{"rendered":"FAQ &#8211; International mobility"},"content":{"rendered":"\t\t<div data-elementor-type=\"wp-page\" data-elementor-id=\"78001\" class=\"elementor elementor-78001 elementor-11383\" data-elementor-post-type=\"page\">\n\t\t\t\t\t\t<section class=\"elementor-section elementor-top-section elementor-element elementor-element-f7854a6 elementor-section-full_width elementor-section-height-default elementor-section-height-default\" data-id=\"f7854a6\" data-element_type=\"section\" data-settings=\"{&quot;jet_parallax_layout_list&quot;:[]}\">\n\t\t\t\t\t\t<div class=\"elementor-container elementor-column-gap-no\">\n\t\t\t\t\t<div class=\"elementor-column elementor-col-100 elementor-top-column elementor-element elementor-element-7591fcb\" data-id=\"7591fcb\" data-element_type=\"column\">\n\t\t\t<div class=\"elementor-widget-wrap elementor-element-populated\">\n\t\t\t\t\t\t<div class=\"elementor-element elementor-element-a296284 elementor-widget elementor-widget-template\" data-id=\"a296284\" data-element_type=\"widget\" data-widget_type=\"template.default\">\n\t\t\t\t<div class=\"elementor-widget-container\">\n\t\t\t\t\t\t\t<div class=\"elementor-template\">\n\t\t\t\t\t<div data-elementor-type=\"page\" data-elementor-id=\"11356\" class=\"elementor elementor-11356\" data-elementor-post-type=\"elementor_library\">\n\t\t\t\t\t\t<section class=\"elementor-section elementor-top-section elementor-element elementor-element-1e4c0cf2 elementor-section-full_width elementor-hidden-tablet elementor-hidden-phone elementor-section-height-default elementor-section-height-default\" data-id=\"1e4c0cf2\" data-element_type=\"section\" id=\"second-header\" data-settings=\"{&quot;sticky_offset&quot;:86,&quot;jet_parallax_layout_list&quot;:[],&quot;sticky&quot;:&quot;top&quot;,&quot;sticky_on&quot;:[&quot;desktop&quot;],&quot;sticky_effects_offset&quot;:0,&quot;sticky_anchor_link_offset&quot;:0}\">\n\t\t\t\t\t\t<div class=\"elementor-container elementor-column-gap-no\">\n\t\t\t\t\t<div class=\"elementor-column elementor-col-100 elementor-top-column elementor-element elementor-element-38c61b5e\" data-id=\"38c61b5e\" data-element_type=\"column\">\n\t\t\t<div class=\"elementor-widget-wrap elementor-element-populated\">\n\t\t\t\t\t\t<div class=\"elementor-element elementor-element-678f5ef elementor-widget__width-auto elementor-widget elementor-widget-heading\" data-id=\"678f5ef\" data-element_type=\"widget\" data-widget_type=\"heading.default\">\n\t\t\t\t<div class=\"elementor-widget-container\">\n\t\t\t\t\t<div class=\"elementor-heading-title elementor-size-default\"><a href=\"https:\/\/medecine.umontreal.ca\/international\/\">international<\/a><\/div>\t\t\t\t<\/div>\n\t\t\t\t<\/div>\n\t\t\t\t<div class=\"elementor-element elementor-element-7f7203d3 elementor-nav-menu__align-start elementor-widget__width-auto elementor-nav-menu--dropdown-tablet elementor-nav-menu__text-align-aside elementor-nav-menu--toggle elementor-nav-menu--burger elementor-widget elementor-widget-nav-menu\" data-id=\"7f7203d3\" data-element_type=\"widget\" data-settings=\"{&quot;submenu_icon&quot;:{&quot;value&quot;:&quot;&lt;i class=\\&quot;fas fa-angle-down\\&quot;&gt;&lt;\\\/i&gt;&quot;,&quot;library&quot;:&quot;fa-solid&quot;},&quot;layout&quot;:&quot;horizontal&quot;,&quot;toggle&quot;:&quot;burger&quot;}\" data-widget_type=\"nav-menu.default\">\n\t\t\t\t<div class=\"elementor-widget-container\">\n\t\t\t\t\t\t\t\t<nav aria-label=\"Menu\" class=\"elementor-nav-menu--main elementor-nav-menu__container elementor-nav-menu--layout-horizontal e--pointer-underline e--animation-fade\">\n\t\t\t\t<ul id=\"menu-1-7f7203d3\" class=\"elementor-nav-menu\"><li class=\"menu-item menu-item-type-post_type menu-item-object-page menu-item-11388\"><a href=\"https:\/\/medecine.umontreal.ca\/international\/destination-montreal\/\" class=\"elementor-item\">Montreal bound <br\/>Destination: UdeM<\/a><\/li>\n<li class=\"menu-item menu-item-type-post_type menu-item-object-page menu-item-11385\"><a href=\"https:\/\/medecine.umontreal.ca\/international\/foire-aux-questions\/\" class=\"elementor-item\">FAQ &#8211; International mobility<\/a><\/li>\n<\/ul>\t\t\t<\/nav>\n\t\t\t\t\t<div class=\"elementor-menu-toggle\" role=\"button\" tabindex=\"0\" aria-label=\"Menu Toggle\" aria-expanded=\"false\">\n\t\t\t<i aria-hidden=\"true\" role=\"presentation\" class=\"elementor-menu-toggle__icon--open eicon-menu-bar\"><\/i><i aria-hidden=\"true\" role=\"presentation\" class=\"elementor-menu-toggle__icon--close eicon-close\"><\/i>\t\t<\/div>\n\t\t\t\t\t<nav class=\"elementor-nav-menu--dropdown elementor-nav-menu__container\" aria-hidden=\"true\">\n\t\t\t\t<ul id=\"menu-2-7f7203d3\" class=\"elementor-nav-menu\"><li class=\"menu-item menu-item-type-post_type menu-item-object-page menu-item-11388\"><a href=\"https:\/\/medecine.umontreal.ca\/international\/destination-montreal\/\" class=\"elementor-item\" tabindex=\"-1\">Montreal bound <br\/>Destination: UdeM<\/a><\/li>\n<li class=\"menu-item menu-item-type-post_type menu-item-object-page menu-item-11385\"><a href=\"https:\/\/medecine.umontreal.ca\/international\/foire-aux-questions\/\" class=\"elementor-item\" tabindex=\"-1\">FAQ &#8211; International mobility<\/a><\/li>\n<\/ul>\t\t\t<\/nav>\n\t\t\t\t\t\t<\/div>\n\t\t\t\t<\/div>\n\t\t\t\t\t<\/div>\n\t\t<\/div>\n\t\t\t\t\t<\/div>\n\t\t<\/section>\n\t\t\t\t<section class=\"elementor-section elementor-top-section elementor-element elementor-element-4f81e606 elementor-section-content-middle elementor-hidden-desktop elementor-section-full_width elementor-section-height-default elementor-section-height-default\" data-id=\"4f81e606\" data-element_type=\"section\" data-settings=\"{&quot;background_background&quot;:&quot;classic&quot;,&quot;sticky&quot;:&quot;top&quot;,&quot;sticky_on&quot;:[&quot;tablet&quot;,&quot;mobile&quot;],&quot;jet_parallax_layout_list&quot;:[],&quot;sticky_offset&quot;:85,&quot;sticky_effects_offset&quot;:0,&quot;sticky_anchor_link_offset&quot;:0}\">\n\t\t\t\t\t\t<div class=\"elementor-container elementor-column-gap-no\">\n\t\t\t\t\t<div class=\"elementor-column elementor-col-50 elementor-top-column elementor-element elementor-element-19ce0f91\" data-id=\"19ce0f91\" data-element_type=\"column\">\n\t\t\t<div class=\"elementor-widget-wrap elementor-element-populated\">\n\t\t\t\t\t\t<div class=\"elementor-element elementor-element-37735052 elementor-widget-tablet__width-auto elementor-widget elementor-widget-heading\" data-id=\"37735052\" data-element_type=\"widget\" data-widget_type=\"heading.default\">\n\t\t\t\t<div class=\"elementor-widget-container\">\n\t\t\t\t\t<span class=\"elementor-heading-title elementor-size-default\"><a href=\"https:\/\/medecine.umontreal.ca\/international\/\">International<\/a><\/span>\t\t\t\t<\/div>\n\t\t\t\t<\/div>\n\t\t\t\t\t<\/div>\n\t\t<\/div>\n\t\t\t\t<div class=\"elementor-column elementor-col-50 elementor-top-column elementor-element elementor-element-69df1a59\" data-id=\"69df1a59\" data-element_type=\"column\">\n\t\t\t<div class=\"elementor-widget-wrap elementor-element-populated\">\n\t\t\t\t\t\t<div class=\"elementor-element elementor-element-7c713316 elementor-nav-menu--stretch sidebar-menu elementor-nav-menu__text-align-aside elementor-nav-menu--toggle elementor-nav-menu--burger elementor-widget elementor-widget-nav-menu\" data-id=\"7c713316\" data-element_type=\"widget\" data-settings=\"{&quot;layout&quot;:&quot;dropdown&quot;,&quot;full_width&quot;:&quot;stretch&quot;,&quot;submenu_icon&quot;:{&quot;value&quot;:&quot;&lt;i class=\\&quot;fas fa-angle-down\\&quot;&gt;&lt;\\\/i&gt;&quot;,&quot;library&quot;:&quot;fa-solid&quot;},&quot;toggle&quot;:&quot;burger&quot;}\" data-widget_type=\"nav-menu.default\">\n\t\t\t\t<div class=\"elementor-widget-container\">\n\t\t\t\t\t\t\t<div class=\"elementor-menu-toggle\" role=\"button\" tabindex=\"0\" aria-label=\"Menu Toggle\" aria-expanded=\"false\">\n\t\t\t<i aria-hidden=\"true\" role=\"presentation\" class=\"elementor-menu-toggle__icon--open eicon-menu-bar\"><\/i><i aria-hidden=\"true\" role=\"presentation\" class=\"elementor-menu-toggle__icon--close eicon-close\"><\/i>\t\t<\/div>\n\t\t\t\t\t<nav class=\"elementor-nav-menu--dropdown elementor-nav-menu__container\" aria-hidden=\"true\">\n\t\t\t\t<ul id=\"menu-2-7c713316\" class=\"elementor-nav-menu\"><li class=\"menu-item menu-item-type-post_type menu-item-object-page menu-item-11388\"><a href=\"https:\/\/medecine.umontreal.ca\/international\/destination-montreal\/\" class=\"elementor-item\" tabindex=\"-1\">Montreal bound <br\/>Destination: UdeM<\/a><\/li>\n<li class=\"menu-item menu-item-type-post_type menu-item-object-page menu-item-11385\"><a href=\"https:\/\/medecine.umontreal.ca\/international\/foire-aux-questions\/\" class=\"elementor-item\" tabindex=\"-1\">FAQ &#8211; International mobility<\/a><\/li>\n<\/ul>\t\t\t<\/nav>\n\t\t\t\t\t\t<\/div>\n\t\t\t\t<\/div>\n\t\t\t\t\t<\/div>\n\t\t<\/div>\n\t\t\t\t\t<\/div>\n\t\t<\/section>\n\t\t\t\t<\/div>\n\t\t\t\t<\/div>\n\t\t\t\t\t\t<\/div>\n\t\t\t\t<\/div>\n\t\t\t\t\t<\/div>\n\t\t<\/div>\n\t\t\t\t\t<\/div>\n\t\t<\/section>\n\t\t\t\t<section class=\"elementor-section elementor-top-section elementor-element elementor-element-0657ff6 elementor-section-full_width elementor-section-height-default elementor-section-height-default\" data-id=\"0657ff6\" data-element_type=\"section\" data-settings=\"{&quot;jet_parallax_layout_list&quot;:[]}\">\n\t\t\t\t\t\t<div class=\"elementor-container elementor-column-gap-no\">\n\t\t\t\t\t<div class=\"elementor-column elementor-col-100 elementor-top-column elementor-element elementor-element-e70bb9e\" data-id=\"e70bb9e\" data-element_type=\"column\">\n\t\t\t<div class=\"elementor-widget-wrap elementor-element-populated\">\n\t\t\t\t\t\t<div class=\"elementor-element elementor-element-0e7345d elementor-widget elementor-widget-template\" data-id=\"0e7345d\" data-element_type=\"widget\" data-widget_type=\"template.default\">\n\t\t\t\t<div class=\"elementor-widget-container\">\n\t\t\t\t\t\t\t<div class=\"elementor-template\">\n\t\t\t\t\t<div data-elementor-type=\"section\" data-elementor-id=\"4029\" class=\"elementor elementor-4029\" data-elementor-post-type=\"elementor_library\">\n\t\t\t\t\t<section class=\"elementor-section elementor-top-section elementor-element elementor-element-7c1b9cf elementor-section-full_width elementor-section-height-min-height elementor-section-items-stretch elementor-reverse-tablet elementor-reverse-mobile elementor-section-height-default\" data-id=\"7c1b9cf\" data-element_type=\"section\" data-settings=\"{&quot;jet_parallax_layout_list&quot;:[]}\">\n\t\t\t\t\t\t<div class=\"elementor-container elementor-column-gap-no\">\n\t\t\t\t\t<div class=\"elementor-column elementor-col-50 elementor-top-column elementor-element elementor-element-7ba1c05\" data-id=\"7ba1c05\" data-element_type=\"column\" data-settings=\"{&quot;background_background&quot;:&quot;classic&quot;}\">\n\t\t\t<div class=\"elementor-widget-wrap elementor-element-populated\">\n\t\t\t\t\t\t\t<\/div>\n\t\t<\/div>\n\t\t\t\t<div class=\"elementor-column elementor-col-25 elementor-top-column elementor-element elementor-element-5cae98b\" data-id=\"5cae98b\" data-element_type=\"column\">\n\t\t\t<div class=\"elementor-widget-wrap elementor-element-populated\">\n\t\t\t\t\t\t<div class=\"elementor-element elementor-element-7ce252b elementor-invisible elementor-widget elementor-widget-image\" data-id=\"7ce252b\" data-element_type=\"widget\" data-settings=\"{&quot;_animation&quot;:&quot;fadeInDown&quot;}\" data-widget_type=\"image.default\">\n\t\t\t\t<div class=\"elementor-widget-container\">\n\t\t\t\t\t\t\t\t\t\t\t\t\t\t\t<img fetchpriority=\"high\" decoding=\"async\" width=\"1837\" height=\"1311\" src=\"https:\/\/medecine.umontreal.ca\/wp-content\/uploads\/sites\/68\/2022\/04\/faq-faculte-medecine-udem.jpeg\" class=\"attachment-full size-full wp-image-78000\" alt=\"\" srcset=\"https:\/\/medecine.umontreal.ca\/wp-content\/uploads\/sites\/68\/2022\/04\/faq-faculte-medecine-udem.jpeg 1837w, https:\/\/medecine.umontreal.ca\/wp-content\/uploads\/sites\/68\/2022\/04\/faq-faculte-medecine-udem-300x214.jpeg 300w, https:\/\/medecine.umontreal.ca\/wp-content\/uploads\/sites\/68\/2022\/04\/faq-faculte-medecine-udem-1024x731.jpeg 1024w, https:\/\/medecine.umontreal.ca\/wp-content\/uploads\/sites\/68\/2022\/04\/faq-faculte-medecine-udem-768x548.jpeg 768w, https:\/\/medecine.umontreal.ca\/wp-content\/uploads\/sites\/68\/2022\/04\/faq-faculte-medecine-udem-1536x1096.jpeg 1536w\" sizes=\"(max-width: 1837px) 100vw, 1837px\" \/>\t\t\t\t\t\t\t\t\t\t\t\t\t\t\t<\/div>\n\t\t\t\t<\/div>\n\t\t\t\t\t<\/div>\n\t\t<\/div>\n\t\t\t\t<div class=\"elementor-column elementor-col-25 elementor-top-column elementor-element elementor-element-bbd1d7c elementor-hidden-tablet elementor-hidden-phone\" data-id=\"bbd1d7c\" data-element_type=\"column\">\n\t\t\t<div class=\"elementor-widget-wrap elementor-element-populated\">\n\t\t\t\t\t\t<div class=\"elementor-element elementor-element-cde92d2 elementor-widget-mobile__width-initial animated-slow elementor-widget-tablet__width-initial elementor-invisible elementor-widget elementor-widget-spacer\" data-id=\"cde92d2\" data-element_type=\"widget\" data-settings=\"{&quot;_animation&quot;:&quot;fadeInRight&quot;}\" data-widget_type=\"spacer.default\">\n\t\t\t\t<div class=\"elementor-widget-container\">\n\t\t\t\t\t\t\t<div class=\"elementor-spacer\">\n\t\t\t<div class=\"elementor-spacer-inner\"><\/div>\n\t\t<\/div>\n\t\t\t\t\t\t<\/div>\n\t\t\t\t<\/div>\n\t\t\t\t\t<\/div>\n\t\t<\/div>\n\t\t\t\t\t<\/div>\n\t\t<\/section>\n\t\t\t\t<section class=\"elementor-section elementor-top-section elementor-element elementor-element-0fd8a5f elementor-section-boxed elementor-section-height-default elementor-section-height-default\" data-id=\"0fd8a5f\" data-element_type=\"section\" data-settings=\"{&quot;jet_parallax_layout_list&quot;:[]}\">\n\t\t\t\t\t\t<div class=\"elementor-container elementor-column-gap-default\">\n\t\t\t\t\t<div class=\"elementor-column elementor-col-100 elementor-top-column elementor-element elementor-element-4cf2aff\" data-id=\"4cf2aff\" data-element_type=\"column\">\n\t\t\t<div class=\"elementor-widget-wrap elementor-element-populated\">\n\t\t\t\t\t\t<div class=\"elementor-element elementor-element-977e83a elementor-widget elementor-widget-spacer\" data-id=\"977e83a\" data-element_type=\"widget\" data-widget_type=\"spacer.default\">\n\t\t\t\t<div class=\"elementor-widget-container\">\n\t\t\t\t\t\t\t<div class=\"elementor-spacer\">\n\t\t\t<div class=\"elementor-spacer-inner\"><\/div>\n\t\t<\/div>\n\t\t\t\t\t\t<\/div>\n\t\t\t\t<\/div>\n\t\t\t\t\t<\/div>\n\t\t<\/div>\n\t\t\t\t\t<\/div>\n\t\t<\/section>\n\t\t\t\t<\/div>\n\t\t\t\t<\/div>\n\t\t\t\t\t\t<\/div>\n\t\t\t\t<\/div>\n\t\t\t\t\t<\/div>\n\t\t<\/div>\n\t\t\t\t\t<\/div>\n\t\t<\/section>\n\t\t\t\t<section class=\"elementor-section elementor-top-section elementor-element elementor-element-36c6fe0 elementor-section-boxed elementor-section-height-default elementor-section-height-default\" data-id=\"36c6fe0\" data-element_type=\"section\" data-settings=\"{&quot;jet_parallax_layout_list&quot;:[]}\">\n\t\t\t\t\t\t<div class=\"elementor-container elementor-column-gap-default\">\n\t\t\t\t\t<div class=\"elementor-column elementor-col-100 elementor-top-column elementor-element elementor-element-4c4c910\" data-id=\"4c4c910\" data-element_type=\"column\" data-settings=\"{&quot;background_background&quot;:&quot;classic&quot;}\">\n\t\t\t<div class=\"elementor-widget-wrap elementor-element-populated\">\n\t\t\t\t\t\t<div class=\"elementor-element elementor-element-6f344a2 elementor-widget elementor-widget-heading\" data-id=\"6f344a2\" data-element_type=\"widget\" data-widget_type=\"heading.default\">\n\t\t\t\t<div class=\"elementor-widget-container\">\n\t\t\t\t\t<h2 class=\"elementor-heading-title elementor-size-default\">Frequently asked questions<\/h2>\t\t\t\t<\/div>\n\t\t\t\t<\/div>\n\t\t\t\t<div class=\"elementor-element elementor-element-721c2aa uael-ct-stack--mobile elementor-widget elementor-widget-uael-content-toggle\" data-id=\"721c2aa\" data-element_type=\"widget\" data-settings=\"{&quot;rds_headings_content_spacing&quot;:{&quot;unit&quot;:&quot;px&quot;,&quot;size&quot;:&quot;&quot;,&quot;sizes&quot;:[]},&quot;rds_button_headings_spacing&quot;:{&quot;unit&quot;:&quot;px&quot;,&quot;size&quot;:4,&quot;sizes&quot;:[]},&quot;rds_switch_size&quot;:{&quot;unit&quot;:&quot;px&quot;,&quot;size&quot;:15,&quot;sizes&quot;:[]},&quot;rds_switch_size_tablet&quot;:{&quot;unit&quot;:&quot;px&quot;,&quot;size&quot;:&quot;&quot;,&quot;sizes&quot;:[]},&quot;rds_switch_size_mobile&quot;:{&quot;unit&quot;:&quot;px&quot;,&quot;size&quot;:&quot;&quot;,&quot;sizes&quot;:[]},&quot;rds_heading_alignment&quot;:&quot;center&quot;,&quot;rds_button_headings_spacing_tablet&quot;:{&quot;unit&quot;:&quot;px&quot;,&quot;size&quot;:&quot;&quot;,&quot;sizes&quot;:[]},&quot;rds_button_headings_spacing_mobile&quot;:{&quot;unit&quot;:&quot;px&quot;,&quot;size&quot;:&quot;&quot;,&quot;sizes&quot;:[]},&quot;rds_headings_content_spacing_tablet&quot;:{&quot;unit&quot;:&quot;px&quot;,&quot;size&quot;:&quot;&quot;,&quot;sizes&quot;:[]},&quot;rds_headings_content_spacing_mobile&quot;:{&quot;unit&quot;:&quot;px&quot;,&quot;size&quot;:&quot;&quot;,&quot;sizes&quot;:[]}}\" data-widget_type=\"uael-content-toggle.default\">\n\t\t\t\t<div class=\"elementor-widget-container\">\n\t\t\t\t\t\n<div class=\"uael-ct-desktop-stack--no uael-rbs-wrapper\">\n\t<div class=\"uael-rbs-toggle\">\n\t\t<div class=\"uael-sec-1\">\n\t\t\t<h6 class=\"uael-rbs-head-1\" data-elementor-inline-editing-toolbar=\"basic\">Coming to Montreal<\/h6>\n\t\t<\/div>\n\t\t<div class=\"uael-main-btn\" data-switch-type=\"round_2\">\n\n\t\t\t\t\t\t\t\t\t\n\t\t\t<!-- Display Switch -->\n\t\t\t<div class=\"uael-toggle\"><input class=\"uael-switch-round-2 elementor-clickable\" type=\"checkbox\" name=\"group1\" id=\"toggle_721c2aa\" ><label for=\"toggle_721c2aa\" class=\"elementor-clickable\"><\/label><\/div> \n\n\t\t<\/div>\n\t\t<div class=\"uael-sec-2\">\n\t\t\t<h6 class=\"uael-rbs-head-2\" data-elementor-inline-editing-toolbar=\"basic\">Going abroad<\/h6>\n\t\t<\/div>\n\t<\/div>\n\t<div class=\"uael-rbs-toggle-sections\">\n\t\t<div class=\"uael-rbs-section-1\">\n\t\t\t\t\t<div data-elementor-type=\"section\" data-elementor-id=\"78005\" class=\"elementor elementor-78005 elementor-11528 elementor-11528\" data-elementor-post-type=\"elementor_library\">\n\t\t\t\t\t<section class=\"elementor-section elementor-top-section elementor-element elementor-element-14917fc elementor-section-boxed elementor-section-height-default elementor-section-height-default\" data-id=\"14917fc\" data-element_type=\"section\" data-settings=\"{&quot;jet_parallax_layout_list&quot;:[]}\">\n\t\t\t\t\t\t<div class=\"elementor-container elementor-column-gap-default\">\n\t\t\t\t\t<div class=\"elementor-column elementor-col-100 elementor-top-column elementor-element elementor-element-4012661\" data-id=\"4012661\" data-element_type=\"column\">\n\t\t\t<div class=\"elementor-widget-wrap elementor-element-populated\">\n\t\t\t\t\t\t<div class=\"elementor-element elementor-element-7edc165 elementor-widget elementor-widget-toggle\" data-id=\"7edc165\" data-element_type=\"widget\" data-widget_type=\"toggle.default\">\n\t\t\t\t<div class=\"elementor-widget-container\">\n\t\t\t\t\t\t\t<div class=\"elementor-toggle\">\n\t\t\t\t\t\t\t<div class=\"elementor-toggle-item\">\n\t\t\t\t\t<div id=\"elementor-tab-title-1331\" class=\"elementor-tab-title\" data-tab=\"1\" role=\"button\" aria-controls=\"elementor-tab-content-1331\" aria-expanded=\"false\">\n\t\t\t\t\t\t\t\t\t\t\t\t<span class=\"elementor-toggle-icon elementor-toggle-icon-right\" aria-hidden=\"true\">\n\t\t\t\t\t\t\t\t\t\t\t\t\t\t\t<span class=\"elementor-toggle-icon-closed\"><i class=\"fas fa-plus\"><\/i><\/span>\n\t\t\t\t\t\t\t\t<span class=\"elementor-toggle-icon-opened\"><i class=\"elementor-toggle-icon-opened fas fa-minus\"><\/i><\/span>\n\t\t\t\t\t\t\t\t\t\t\t\t\t<\/span>\n\t\t\t\t\t\t\t\t\t\t\t\t<a class=\"elementor-toggle-title\" tabindex=\"0\">I started my medical studies at a school outside Quebec but I'd like to complete them at UdeM. Is it possible to transfer? <\/a>\n\t\t\t\t\t<\/div>\n\n\t\t\t\t\t<div id=\"elementor-tab-content-1331\" class=\"elementor-tab-content elementor-clearfix\" data-tab=\"1\" role=\"region\" aria-labelledby=\"elementor-tab-title-1331\"><p>It is not possible to transfer from another medical school to UdeM. However, if you meet the <a href=\"https:\/\/medecine.umontreal.ca\/etudes\/doctorat-en-medecine\/futurs-etudiants\/admission-doctorat\/\">general eligibility requirements<\/a>, you can apply for admission like any other applicant. Depending on your residency status at the time of application, your application will be classified either as a French-speaking applicant from outside Quebec or as an international applicant. Your application will be evaluated according to the specific criteria for your <a href=\"https:\/\/medecine.umontreal.ca\/etudes\/doctorat-en-medecine\/admission\/types-de-candidats\/\">category<\/a>. If you are accepted, the Admissions Committee will decide at which level of the program you will be admitted.    <\/p>\n<p>The evaluation of your academic record will be based on all your university transcripts, including your pre-medical and medical studies, as applicable.<\/p>\n<\/div>\n\t\t\t\t<\/div>\n\t\t\t\t\t\t\t<div class=\"elementor-toggle-item\">\n\t\t\t\t\t<div id=\"elementor-tab-title-1332\" class=\"elementor-tab-title\" data-tab=\"2\" role=\"button\" aria-controls=\"elementor-tab-content-1332\" aria-expanded=\"false\">\n\t\t\t\t\t\t\t\t\t\t\t\t<span class=\"elementor-toggle-icon elementor-toggle-icon-right\" aria-hidden=\"true\">\n\t\t\t\t\t\t\t\t\t\t\t\t\t\t\t<span class=\"elementor-toggle-icon-closed\"><i class=\"fas fa-plus\"><\/i><\/span>\n\t\t\t\t\t\t\t\t<span class=\"elementor-toggle-icon-opened\"><i class=\"elementor-toggle-icon-opened fas fa-minus\"><\/i><\/span>\n\t\t\t\t\t\t\t\t\t\t\t\t\t<\/span>\n\t\t\t\t\t\t\t\t\t\t\t\t<a class=\"elementor-toggle-title\" tabindex=\"0\">I'm not a Canadian citizen (or a landed immigrant). What are my chances of being admitted into a program in the Faculty of Medicine? <\/a>\n\t\t\t\t\t<\/div>\n\n\t\t\t\t\t<div id=\"elementor-tab-content-1332\" class=\"elementor-tab-content elementor-clearfix\" data-tab=\"2\" role=\"region\" aria-labelledby=\"elementor-tab-title-1332\"><p>It depends on the program and level you wish to enter. For undergraduate programs, including the <a href=\"https:\/\/admission.umontreal.ca\/programmes\/doctorat-de-1er-cycle-en-medecine\/\">MD program<\/a>, the number of places available for international students is limited. However, <a href=\"https:\/\/test.medmulti.umontreal.ca\/etudes\/cycles-superieurs\/\">graduate research training programs<\/a> are much more flexible in admitting international students.  <\/p>\n<\/div>\n\t\t\t\t<\/div>\n\t\t\t\t\t\t\t<div class=\"elementor-toggle-item\">\n\t\t\t\t\t<div id=\"elementor-tab-title-1333\" class=\"elementor-tab-title\" data-tab=\"3\" role=\"button\" aria-controls=\"elementor-tab-content-1333\" aria-expanded=\"false\">\n\t\t\t\t\t\t\t\t\t\t\t\t<span class=\"elementor-toggle-icon elementor-toggle-icon-right\" aria-hidden=\"true\">\n\t\t\t\t\t\t\t\t\t\t\t\t\t\t\t<span class=\"elementor-toggle-icon-closed\"><i class=\"fas fa-plus\"><\/i><\/span>\n\t\t\t\t\t\t\t\t<span class=\"elementor-toggle-icon-opened\"><i class=\"elementor-toggle-icon-opened fas fa-minus\"><\/i><\/span>\n\t\t\t\t\t\t\t\t\t\t\t\t\t<\/span>\n\t\t\t\t\t\t\t\t\t\t\t\t<a class=\"elementor-toggle-title\" tabindex=\"0\">I'm a foreign-trained healthcare professional who wants to practice (or train) in Quebec. What are my options and how do I proceed? <\/a>\n\t\t\t\t\t<\/div>\n\n\t\t\t\t\t<div id=\"elementor-tab-content-1333\" class=\"elementor-tab-content elementor-clearfix\" data-tab=\"3\" role=\"region\" aria-labelledby=\"elementor-tab-title-1333\"><p>If you&#8217;re a foreign-trained healthcare professional looking to refresh your health sciences training or qualify for a licence to practice in Quebec, our Faculty offers several options:<\/p>\n<ul>\n<li><a href=\"https:\/\/admission.umontreal.ca\/programmes\/actualisation-de-formation-en-nutrition\/\">Refresher Training in Nutrition<\/a><\/li>\n<li><a href=\"https:\/\/admission.umontreal.ca\/programmes\/programme-de-qualification-en-ergotherapie\/\">Occupational Therapy Qualification Program<\/a><\/li>\n<li><a href=\"https:\/\/admission.umontreal.ca\/programmes\/certificat-en-physiotherapie-diplome-de-qualification\/\">Qualifying Diploma in Physiotherapy<\/a><\/li>\n<\/ul>\n<p>There are a few steps to take before you can enter any of these programs, however, including an evaluation of your file by the appropriate Quebec professional order. To find out how to apply, see this <a href=\"https:\/\/admission.umontreal.ca\/vous-etes\/futurs-etudiants\/formes-a-letranger\/professionnels-formes-a-letranger\/\">section of the admissions guide<\/a>. <\/p>\n<p>If you are an international medical graduate seeking a licence to practice in Quebec, the <a href=\"http:\/\/www.cmq.org\/\">Coll\u00e8ge des m\u00e9decins du Qu\u00e9bec (CMQ)<\/a> will determine your eligibility and oversee the licencing process. The CMQ provides a number of options for medical graduates from outside Quebec: obtaining a <a href=\"http:\/\/www.cmq.org\/page\/fr\/permis-exercice-diplome-medecine-quebec-canada-etats-unis.aspx\">regular licence to practice<\/a>, a <a href=\"http:\/\/www.cmq.org\/hub\/fr\/permis-restrictif-arm-clinicien-professeur-pret-exercer-ece-pra.aspx\">restricted licence<\/a>, or <a href=\"http:\/\/www.cmq.org\/page\/fr\/permis-exercice-regulier-reconnaissance-equivalence-md.aspx\">applying for recognition of the equivalency of your medical diploma<\/a>, which may give you access to <a href=\"http:\/\/www.cmq.org\/page\/fr\/agrement-programmes-milieux-dpc.aspx\">postgraduate training<\/a>. If your medical degree is not recognized, you can also apply to the UdeM for admission to an <a href=\"https:\/\/admission.umontreal.ca\/programmes\/doctorat-de-1er-cycle-en-medecine\/\">undergraduate MD program<\/a>.  <\/p>\n<\/div>\n\t\t\t\t<\/div>\n\t\t\t\t\t\t\t<div class=\"elementor-toggle-item\">\n\t\t\t\t\t<div id=\"elementor-tab-title-1334\" class=\"elementor-tab-title\" data-tab=\"4\" role=\"button\" aria-controls=\"elementor-tab-content-1334\" aria-expanded=\"false\">\n\t\t\t\t\t\t\t\t\t\t\t\t<span class=\"elementor-toggle-icon elementor-toggle-icon-right\" aria-hidden=\"true\">\n\t\t\t\t\t\t\t\t\t\t\t\t\t\t\t<span class=\"elementor-toggle-icon-closed\"><i class=\"fas fa-plus\"><\/i><\/span>\n\t\t\t\t\t\t\t\t<span class=\"elementor-toggle-icon-opened\"><i class=\"elementor-toggle-icon-opened fas fa-minus\"><\/i><\/span>\n\t\t\t\t\t\t\t\t\t\t\t\t\t<\/span>\n\t\t\t\t\t\t\t\t\t\t\t\t<a class=\"elementor-toggle-title\" tabindex=\"0\">How can I find out the equivalence of my degree?<\/a>\n\t\t\t\t\t<\/div>\n\n\t\t\t\t\t<div id=\"elementor-tab-content-1334\" class=\"elementor-tab-content elementor-clearfix\" data-tab=\"4\" role=\"region\" aria-labelledby=\"elementor-tab-title-1334\"><p>You can use this <a href=\"https:\/\/admission.umontreal.ca\/admission\/preparation-de-la-demande\/verifier-les-conditions-dadmissibilite\/par-pays-ou-diplome\/\">search tool<\/a>, included in our Admissions and Programs Guide, to determine the equivalency of your training. Enter your diploma and\/or the country in which it was issued.<\/p>\n<\/div>\n\t\t\t\t<\/div>\n\t\t\t\t\t\t\t<div class=\"elementor-toggle-item\">\n\t\t\t\t\t<div id=\"elementor-tab-title-1335\" class=\"elementor-tab-title\" data-tab=\"5\" role=\"button\" aria-controls=\"elementor-tab-content-1335\" aria-expanded=\"false\">\n\t\t\t\t\t\t\t\t\t\t\t\t<span class=\"elementor-toggle-icon elementor-toggle-icon-right\" aria-hidden=\"true\">\n\t\t\t\t\t\t\t\t\t\t\t\t\t\t\t<span class=\"elementor-toggle-icon-closed\"><i class=\"fas fa-plus\"><\/i><\/span>\n\t\t\t\t\t\t\t\t<span class=\"elementor-toggle-icon-opened\"><i class=\"elementor-toggle-icon-opened fas fa-minus\"><\/i><\/span>\n\t\t\t\t\t\t\t\t\t\t\t\t\t<\/span>\n\t\t\t\t\t\t\t\t\t\t\t\t<a class=\"elementor-toggle-title\" tabindex=\"0\">What are the tuition fees for regular international students at UdeM\u2019s Faculty of Medicine?<\/a>\n\t\t\t\t\t<\/div>\n\n\t\t\t\t\t<div id=\"elementor-tab-content-1335\" class=\"elementor-tab-content elementor-clearfix\" data-tab=\"5\" role=\"region\" aria-labelledby=\"elementor-tab-title-1335\"><p>Since tuition fees vary depending on your <a href=\"http:\/\/registraire.umontreal.ca\/etudes-et-services\/statut-au-canada-et-statut-de-resident-du-quebec\/\">status in Canada<\/a> and the level of study, please use the <a href=\"https:\/\/registraire.umontreal.ca\/droits-de-scolarite\/calculateur-des-frais-de-scolarite\/\">Tuition Calculator<\/a> on the Registrar&#8217;s Office website.<\/p>\n<p>Note that the results are estimates and do not include additional costs such as insurance or transportation.<\/p>\n<\/div>\n\t\t\t\t<\/div>\n\t\t\t\t\t\t\t<div class=\"elementor-toggle-item\">\n\t\t\t\t\t<div id=\"elementor-tab-title-1336\" class=\"elementor-tab-title\" data-tab=\"6\" role=\"button\" aria-controls=\"elementor-tab-content-1336\" aria-expanded=\"false\">\n\t\t\t\t\t\t\t\t\t\t\t\t<span class=\"elementor-toggle-icon elementor-toggle-icon-right\" aria-hidden=\"true\">\n\t\t\t\t\t\t\t\t\t\t\t\t\t\t\t<span class=\"elementor-toggle-icon-closed\"><i class=\"fas fa-plus\"><\/i><\/span>\n\t\t\t\t\t\t\t\t<span class=\"elementor-toggle-icon-opened\"><i class=\"elementor-toggle-icon-opened fas fa-minus\"><\/i><\/span>\n\t\t\t\t\t\t\t\t\t\t\t\t\t<\/span>\n\t\t\t\t\t\t\t\t\t\t\t\t<a class=\"elementor-toggle-title\" tabindex=\"0\">What financial aid options are available to students?<\/a>\n\t\t\t\t\t<\/div>\n\n\t\t\t\t\t<div id=\"elementor-tab-content-1336\" class=\"elementor-tab-content elementor-clearfix\" data-tab=\"6\" role=\"region\" aria-labelledby=\"elementor-tab-title-1336\"><p>Depending on the program and level of study you wish to pursue, there are a number of financial support options available to you:<\/p>\n<ul>\n<li><a href=\"https:\/\/registraire.umontreal.ca\/droits-de-scolarite\/exemptions-des-droits-de-scolarite\/\">Additional tuition waiver<\/a><\/li>\n<li><a href=\"https:\/\/registraire.umontreal.ca\/droits-de-scolarite\/bourse-exemption\/\">UdeM tuition waiver scholarship for international students<\/a><\/li>\n<li><a href=\"https:\/\/medecine.umontreal.ca\/etudes\/bourses-et-soutien-financier\/\">UdeM Faculty of Medicine scholarships<\/a><\/li>\n<li><a href=\"https:\/\/medecine.umontreal.ca\/recherche\/bourses\/projets-avec-bourses-offerts-aux-etudiants\/\">Research projects with grants<\/a><\/li>\n<li><a href=\"https:\/\/esp.umontreal.ca\/ce-quil-faut-savoir\/financement\/bourses\/bourses-dexcellence-des-etudes-superieures-et-postdoctorales-esp\/\">Graduate and Postdoctoral Studies scholarships<\/a><\/li>\n<li><a href=\"https:\/\/bit.ly\/3S3H4OJ\">Scholarship program for international students<\/a><\/li>\n<li><a href=\"https:\/\/bourses.umontreal.ca\/repertoire-des-bourses\/?tx_udembourses%5Bdo_search%5D=1&#038;tx_udembourses%5Bmc%5D=&#038;tx_udembourses%5Bde%5D%5B%5D=12&#038;tx_udembourses%5Bvi%5D%5B%5D=2\">Health studies scholarships open to international students<\/a> <br \/><a href=\"https:\/\/international.umontreal.ca\/financement\/financement-externe-de-la-mobilite\/bourses-du-gouvernement-canadien\/\">Canadian government scholarships (external funding source) <\/a><\/li>\n<\/ul>\n<p>To find out about other options and learn more about the financial support available to international students, visit the <a href=\"http:\/\/www.bei.umontreal.ca\/\">International Student Office website<\/a>. The Universit\u00e9 de Montr\u00e9al <a href=\"https:\/\/bourses.umontreal.ca\/repertoire-des-bourses\/\" target=\"_blank\" rel=\"noopener\">scholarship directory<\/a> will help you find scholarships for which you may be eligible at UdeM, depending on your status in Canada and level of study. <\/p>\n<\/div>\n\t\t\t\t<\/div>\n\t\t\t\t\t\t\t<div class=\"elementor-toggle-item\">\n\t\t\t\t\t<div id=\"elementor-tab-title-1337\" class=\"elementor-tab-title\" data-tab=\"7\" role=\"button\" aria-controls=\"elementor-tab-content-1337\" aria-expanded=\"false\">\n\t\t\t\t\t\t\t\t\t\t\t\t<span class=\"elementor-toggle-icon elementor-toggle-icon-right\" aria-hidden=\"true\">\n\t\t\t\t\t\t\t\t\t\t\t\t\t\t\t<span class=\"elementor-toggle-icon-closed\"><i class=\"fas fa-plus\"><\/i><\/span>\n\t\t\t\t\t\t\t\t<span class=\"elementor-toggle-icon-opened\"><i class=\"elementor-toggle-icon-opened fas fa-minus\"><\/i><\/span>\n\t\t\t\t\t\t\t\t\t\t\t\t\t<\/span>\n\t\t\t\t\t\t\t\t\t\t\t\t<a class=\"elementor-toggle-title\" tabindex=\"0\">I\u2019ve read all the information on your website and haven\u2019t found an answer about my eligibility. Whom can I contact? <\/a>\n\t\t\t\t\t<\/div>\n\n\t\t\t\t\t<div id=\"elementor-tab-content-1337\" class=\"elementor-tab-content elementor-clearfix\" data-tab=\"7\" role=\"region\" aria-labelledby=\"elementor-tab-title-1337\"><p>Write to us at <a href=\"mailto:admission-md@umontreal.ca\">admission-md@umontreal.ca<\/a> or call us at 514-343-6111, ext. 17308.<\/p>\n<\/div>\n\t\t\t\t<\/div>\n\t\t\t\t\t\t\t\t<\/div>\n\t\t\t\t\t\t<\/div>\n\t\t\t\t<\/div>\n\t\t\t\t\t<\/div>\n\t\t<\/div>\n\t\t\t\t\t<\/div>\n\t\t<\/section>\n\t\t\t\t<\/div>\n\t\t\t\t<\/div>\n\t\t<div style=\"display: none;\" class=\"uael-rbs-section-2\">\n\t\t\t\t\t<div data-elementor-type=\"section\" data-elementor-id=\"11514\" class=\"elementor elementor-11514\" data-elementor-post-type=\"elementor_library\">\n\t\t\t\t\t<section class=\"elementor-section elementor-top-section elementor-element elementor-element-0ccc4f7 elementor-section-boxed elementor-section-height-default elementor-section-height-default\" data-id=\"0ccc4f7\" data-element_type=\"section\" data-settings=\"{&quot;jet_parallax_layout_list&quot;:[]}\">\n\t\t\t\t\t\t<div class=\"elementor-container elementor-column-gap-default\">\n\t\t\t\t\t<div class=\"elementor-column elementor-col-100 elementor-top-column elementor-element elementor-element-973c6fe\" data-id=\"973c6fe\" data-element_type=\"column\">\n\t\t\t<div class=\"elementor-widget-wrap elementor-element-populated\">\n\t\t\t\t\t\t<div class=\"elementor-element elementor-element-6137833 elementor-widget elementor-widget-toggle\" data-id=\"6137833\" data-element_type=\"widget\" data-widget_type=\"toggle.default\">\n\t\t\t\t<div class=\"elementor-widget-container\">\n\t\t\t\t\t\t\t<div class=\"elementor-toggle\">\n\t\t\t\t\t\t\t<div class=\"elementor-toggle-item\">\n\t\t\t\t\t<div id=\"elementor-tab-title-1011\" class=\"elementor-tab-title\" data-tab=\"1\" role=\"button\" aria-controls=\"elementor-tab-content-1011\" aria-expanded=\"false\">\n\t\t\t\t\t\t\t\t\t\t\t\t<span class=\"elementor-toggle-icon elementor-toggle-icon-right\" aria-hidden=\"true\">\n\t\t\t\t\t\t\t\t\t\t\t\t\t\t\t<span class=\"elementor-toggle-icon-closed\"><i class=\"fas fa-plus\"><\/i><\/span>\n\t\t\t\t\t\t\t\t<span class=\"elementor-toggle-icon-opened\"><i class=\"elementor-toggle-icon-opened fas fa-minus\"><\/i><\/span>\n\t\t\t\t\t\t\t\t\t\t\t\t\t<\/span>\n\t\t\t\t\t\t\t\t\t\t\t\t<a class=\"elementor-toggle-title\" tabindex=\"0\">Quelles sont les destinations possibles dans le cadre du programme d\u2019 \u00e9changes \u00e0 l\u2019international?<\/a>\n\t\t\t\t\t<\/div>\n\n\t\t\t\t\t<div id=\"elementor-tab-content-1011\" class=\"elementor-tab-content elementor-clearfix\" data-tab=\"1\" role=\"region\" aria-labelledby=\"elementor-tab-title-1011\">Au fil des ans, la Facult\u00e9 de m\u00e9decine de l\u2019UdeM a conclu pr\u00e8s de 50 ententes de partenariat international avec des institutions d\u2019enseignement \u00e0 travers le monde. Afin de conna\u00eetre les destinations possibles pour r\u00e9aliser un \u00e9change \u00e9tudiant hors Qu\u00e9bec, dirigez-vous vers ce\u00a0<a href=\"https:\/\/umontreal.adv-pub.moveonca.com\/ententes\/\" target=\"_blank\" rel=\"noopener\">r\u00e9pertoire des ententes internationales.<\/a><\/div>\n\t\t\t\t<\/div>\n\t\t\t\t\t\t\t<div class=\"elementor-toggle-item\">\n\t\t\t\t\t<div id=\"elementor-tab-title-1012\" class=\"elementor-tab-title\" data-tab=\"2\" role=\"button\" aria-controls=\"elementor-tab-content-1012\" aria-expanded=\"false\">\n\t\t\t\t\t\t\t\t\t\t\t\t<span class=\"elementor-toggle-icon elementor-toggle-icon-right\" aria-hidden=\"true\">\n\t\t\t\t\t\t\t\t\t\t\t\t\t\t\t<span class=\"elementor-toggle-icon-closed\"><i class=\"fas fa-plus\"><\/i><\/span>\n\t\t\t\t\t\t\t\t<span class=\"elementor-toggle-icon-opened\"><i class=\"elementor-toggle-icon-opened fas fa-minus\"><\/i><\/span>\n\t\t\t\t\t\t\t\t\t\t\t\t\t<\/span>\n\t\t\t\t\t\t\t\t\t\t\t\t<a class=\"elementor-toggle-title\" tabindex=\"0\">O\u00f9 puis-je trouver du soutien financier pour mon s\u00e9jour \u00e0 l\u2019\u00e9tranger?<\/a>\n\t\t\t\t\t<\/div>\n\n\t\t\t\t\t<div id=\"elementor-tab-content-1012\" class=\"elementor-tab-content elementor-clearfix\" data-tab=\"2\" role=\"region\" aria-labelledby=\"elementor-tab-title-1012\"><p>Plusieurs sources de financement sont offertes aux \u00e9tudiants qui souhaitent partir \u00e0 l\u2019\u00e9tranger dans le cadre d\u2019un s\u00e9jour d\u2019\u00e9tudes, de recherche ou d\u2019un stage. En voici quelques-unes:<\/p><ul><li><a href=\"https:\/\/www.educanada.ca\/scholarships-bourses\/index.aspx?lang=fra\" target=\"_blank\" rel=\"noopener\">Bourses du gouvernement canadien<\/a><\/li><li><a href=\"https:\/\/www.maisoninternationale.umontreal.ca\/boursefinancement\/index.htm\" target=\"_blank\" rel=\"noopener\">Bourses de mobilit\u00e9 du minist\u00e8re de l\u2019\u00c9ducation et de l\u2019Enseignement sup\u00e9rieur du Qu\u00e9bec (MEES)<\/a><\/li><li><a href=\"https:\/\/www.maisoninternationale.umontreal.ca\/boursefinancement\/autres-sources-financement.htm\" target=\"_blank\" rel=\"noopener\">Programme de pr\u00eats et bourses du minist\u00e8re de l\u2019\u00c9ducation et de l\u2019Enseignement sup\u00e9rieur du Qu\u00e9bec (MEES)<\/a><\/li><li><a href=\"https:\/\/www.lojiq.org\/programmes\/mobilite-etudiante\/\" target=\"_blank\" rel=\"noopener\">Montant forfaitaire ou (et) remboursement partiel des frais de transport \u00e0 l\u2019international (Lojiq<\/a>)<\/li><li><a href=\"https:\/\/bourses.umontreal.ca\/repertoire-des-bourses\/detail-dune-bourse\/bid\/1184\/bsl\/Bourses-Mitacs-Globalink-pour-s%C3%A9jours-de-recherche-pour-%C3%A9tudiant-e-s-%C3%A9tranger-e-s-vers-l-UdeM-\/\" target=\"_blank\" rel=\"noopener\">Bourses Mitacs<\/a><\/li><\/ul><p>Pour conna\u00eetre les conditions d\u2019admissibilit\u00e9 qui s\u2019appliquent \u00e0 votre situation, vous pouvez aller en ligne <a href=\"https:\/\/www.maisoninternationale.umontreal.ca\/boursefinancement\/index.htm\" target=\"_blank\" rel=\"noopener\">ici<\/a>,\u00a0ainsi que sur le site d\u2019<a href=\"https:\/\/international.umontreal.ca\/etudiants-de-ludem\/bourses-de-mobilite\/\" target=\"_blank\" rel=\"noopener\">UdeM international<\/a>. Informez-vous \u00e9galement aupr\u00e8s de votre unit\u00e9 afin de savoir si elle offre des bourses pour la mobilit\u00e9 et\/ou les projets internationaux.<\/p><\/div>\n\t\t\t\t<\/div>\n\t\t\t\t\t\t\t<div class=\"elementor-toggle-item\">\n\t\t\t\t\t<div id=\"elementor-tab-title-1013\" class=\"elementor-tab-title\" data-tab=\"3\" role=\"button\" aria-controls=\"elementor-tab-content-1013\" aria-expanded=\"false\">\n\t\t\t\t\t\t\t\t\t\t\t\t<span class=\"elementor-toggle-icon elementor-toggle-icon-right\" aria-hidden=\"true\">\n\t\t\t\t\t\t\t\t\t\t\t\t\t\t\t<span class=\"elementor-toggle-icon-closed\"><i class=\"fas fa-plus\"><\/i><\/span>\n\t\t\t\t\t\t\t\t<span class=\"elementor-toggle-icon-opened\"><i class=\"elementor-toggle-icon-opened fas fa-minus\"><\/i><\/span>\n\t\t\t\t\t\t\t\t\t\t\t\t\t<\/span>\n\t\t\t\t\t\t\t\t\t\t\t\t<a class=\"elementor-toggle-title\" tabindex=\"0\">Je suis un \u00e9tudiant en situation de handicap. Y a-t-il des accommodements pr\u00e9vus pour me permettre de faire un s\u00e9jour d\u2019\u00e9tudes \u00e0 l\u2019\u00e9tranger?<\/a>\n\t\t\t\t\t<\/div>\n\n\t\t\t\t\t<div id=\"elementor-tab-content-1013\" class=\"elementor-tab-content elementor-clearfix\" data-tab=\"3\" role=\"region\" aria-labelledby=\"elementor-tab-title-1013\"><p>Oui. L\u2019UdeM met tout en \u0153uvre pour d\u00e9mocratiser l\u2019acc\u00e8s \u00e0 des exp\u00e9riences aussi enrichissantes que les s\u00e9jours \u00e0 l\u2019\u00e9tranger. Dans cette optique, l\u2019initiative\u00a0<a href=\"https:\/\/international.umontreal.ca\/etudiants-de-ludem\/en-route-vers-mobilite-inclusive\/\" target=\"_blank\" rel=\"noopener\"><em>En route vers la mobilit\u00e9 inclusive<\/em><\/a>, lanc\u00e9e \u00e0 l\u2019automne 2022, vise entre autres \u00e0 favoriser la r\u00e9alisation de s\u00e9jours d\u2019\u00e9tudes internationaux par la population \u00e9tudiante en situation de handicap. Ce programme permet notamment d\u2019offrir des bourses, ainsi que des mesures d\u2019accompagnement adapt\u00e9es aux personnes qui en ont besoin.<\/p><p>Pour plus de d\u00e9tails sur les d\u00e9placements \u00e0 l\u2019international en situation de handicap, contactez le\u00a0<a href=\"https:\/\/vieetudiante.umontreal.ca\/a-propos\/service\/soutien-etudiants-situation-handicap\">SESH<\/a>.<\/p><\/div>\n\t\t\t\t<\/div>\n\t\t\t\t\t\t\t<div class=\"elementor-toggle-item\">\n\t\t\t\t\t<div id=\"elementor-tab-title-1014\" class=\"elementor-tab-title\" data-tab=\"4\" role=\"button\" aria-controls=\"elementor-tab-content-1014\" aria-expanded=\"false\">\n\t\t\t\t\t\t\t\t\t\t\t\t<span class=\"elementor-toggle-icon elementor-toggle-icon-right\" aria-hidden=\"true\">\n\t\t\t\t\t\t\t\t\t\t\t\t\t\t\t<span class=\"elementor-toggle-icon-closed\"><i class=\"fas fa-plus\"><\/i><\/span>\n\t\t\t\t\t\t\t\t<span class=\"elementor-toggle-icon-opened\"><i class=\"elementor-toggle-icon-opened fas fa-minus\"><\/i><\/span>\n\t\t\t\t\t\t\t\t\t\t\t\t\t<\/span>\n\t\t\t\t\t\t\t\t\t\t\t\t<a class=\"elementor-toggle-title\" tabindex=\"0\">Quels sont les avantages de faire un stage \u00e0 l\u2019\u00e9tranger et quelle est sa \u00abvaleur ajout\u00e9e\u00bb dans mon CV?<\/a>\n\t\t\t\t\t<\/div>\n\n\t\t\t\t\t<div id=\"elementor-tab-content-1014\" class=\"elementor-tab-content elementor-clearfix\" data-tab=\"4\" role=\"region\" aria-labelledby=\"elementor-tab-title-1014\"><p>Un tel stage vous permettra de gagner de l\u2019exp\u00e9rience pratique et adapt\u00e9e \u00e0 vos int\u00e9r\u00eats, tout en d\u00e9couvrant une culture et des habitudes de vie diff\u00e9rentes des v\u00f4tres. Il vous offre l\u2019occasion de mettre en lumi\u00e8re dans votre CV l\u2019acquisition d\u2019habilet\u00e9s interculturelles, la familiarisation \u00e0 des enjeux de sant\u00e9 et d\u2019\u00e9thique ailleurs dans le monde, le d\u00e9veloppement de votre capacit\u00e9 d\u2019adaptation, etc. <a href=\"\/international\/destination-monde\/#temoignanges\" target=\"_blank\" rel=\"noopener\">Consultez les t\u00e9moignages d\u2019\u00e9tudiants de la Facult\u00e9 de m\u00e9decine sur leur exp\u00e9rience \u00e0 l\u2019\u00e9tranger.<\/a><\/p><\/div>\n\t\t\t\t<\/div>\n\t\t\t\t\t\t\t<div class=\"elementor-toggle-item\">\n\t\t\t\t\t<div id=\"elementor-tab-title-1015\" class=\"elementor-tab-title\" data-tab=\"5\" role=\"button\" aria-controls=\"elementor-tab-content-1015\" aria-expanded=\"false\">\n\t\t\t\t\t\t\t\t\t\t\t\t<span class=\"elementor-toggle-icon elementor-toggle-icon-right\" aria-hidden=\"true\">\n\t\t\t\t\t\t\t\t\t\t\t\t\t\t\t<span class=\"elementor-toggle-icon-closed\"><i class=\"fas fa-plus\"><\/i><\/span>\n\t\t\t\t\t\t\t\t<span class=\"elementor-toggle-icon-opened\"><i class=\"elementor-toggle-icon-opened fas fa-minus\"><\/i><\/span>\n\t\t\t\t\t\t\t\t\t\t\t\t\t<\/span>\n\t\t\t\t\t\t\t\t\t\t\t\t<a class=\"elementor-toggle-title\" tabindex=\"0\">Je participe \u00e0 un s\u00e9jour d\u2019\u00e9tudes \u00e0 l\u2019\u00e9tranger, que dois-je faire avant mon d\u00e9part?<\/a>\n\t\t\t\t\t<\/div>\n\n\t\t\t\t\t<div id=\"elementor-tab-content-1015\" class=\"elementor-tab-content elementor-clearfix\" data-tab=\"5\" role=\"region\" aria-labelledby=\"elementor-tab-title-1015\"><p>Si\u00a0vous pr\u00e9voyez faire un s\u00e9jour d\u2019\u00e9tudes, un stage ou de la recherche \u00e0 l\u2019ext\u00e9rieur du Canada, n\u2019oubliez pas de\u00a0<a title=\"https:\/\/international.umontreal.ca\/la-dai\/sejours-internationaux\/\" href=\"https:\/\/international.umontreal.ca\/la-dai\/sejours-internationaux\/\" target=\"_blank\" rel=\"noopener\">remplir la D\u00e9claration de s\u00e9jour\u00a0<\/a>de\u00a04 \u00e0 6 semaines avant votre d\u00e9part.\u00a0De plus, la plupart des informations que vous devez conna\u00eetre pour l\u2019organisation de votre s\u00e9jour se trouvent <a href=\"https:\/\/www.maisoninternationale.umontreal.ca\/sejour\/organisationsejour.htm\" target=\"_blank\" rel=\"noopener\">ici.<\/a><\/p><p>Vous pouvez \u00e9galement consulter le\u00a0<a title=\"https:\/\/issuu.com\/vieetudiante.umontreal\/docs\/guide-sejours-etudes-hors-quebec\" href=\"https:\/\/international.umontreal.ca\/fileadmin\/international\/documents\/Mobilite\/Guide-sejours-etudes-hors-quebec.pdf\" target=\"_blank\" rel=\"noopener\">Guide des s\u00e9jours d\u2019\u00e9tudes hors Qu\u00e9bec<\/a>.<\/p><\/div>\n\t\t\t\t<\/div>\n\t\t\t\t\t\t\t\t<\/div>\n\t\t\t\t\t\t<\/div>\n\t\t\t\t<\/div>\n\t\t\t\t\t<\/div>\n\t\t<\/div>\n\t\t\t\t\t<\/div>\n\t\t<\/section>\n\t\t\t\t<section class=\"elementor-section elementor-top-section elementor-element elementor-element-6f70338 elementor-section-boxed elementor-section-height-default elementor-section-height-default\" data-id=\"6f70338\" data-element_type=\"section\" data-settings=\"{&quot;background_background&quot;:&quot;classic&quot;,&quot;jet_parallax_layout_list&quot;:[]}\">\n\t\t\t\t\t\t<div class=\"elementor-container elementor-column-gap-default\">\n\t\t\t\t\t<div class=\"elementor-column elementor-col-100 elementor-top-column elementor-element elementor-element-a57c466\" data-id=\"a57c466\" data-element_type=\"column\">\n\t\t\t<div class=\"elementor-widget-wrap elementor-element-populated\">\n\t\t\t\t\t\t<div class=\"elementor-element elementor-element-8e6a2e8 elementor-view-stacked elementor-position-left elementor-vertical-align-bottom elementor-shape-circle elementor-mobile-position-top elementor-widget elementor-widget-icon-box\" data-id=\"8e6a2e8\" data-element_type=\"widget\" data-widget_type=\"icon-box.default\">\n\t\t\t\t<div class=\"elementor-widget-container\">\n\t\t\t\t\t\t\t<div class=\"elementor-icon-box-wrapper\">\n\n\t\t\t\t\t\t<div class=\"elementor-icon-box-icon\">\n\t\t\t\t<span  class=\"elementor-icon\">\n\t\t\t\t<i aria-hidden=\"true\" class=\"fas fa-info\"><\/i>\t\t\t\t<\/span>\n\t\t\t<\/div>\n\t\t\t\n\t\t\t\t\t\t<div class=\"elementor-icon-box-content\">\n\n\t\t\t\t\n\t\t\t\t\t\t\t\t\t<p class=\"elementor-icon-box-description\">\n\t\t\t\t\t\tVous avez d\u2019autres questions concernant les s\u00e9jours vers l\u2019international? Contactez l'\u00e9quipe d'UdeM international \u00e0 <a href=\"mailto:echange@umontreal.ca\">echange@umontreal.ca<\/a>.\t\t\t\t\t<\/p>\n\t\t\t\t\n\t\t\t<\/div>\n\t\t\t\n\t\t<\/div>\n\t\t\t\t\t\t<\/div>\n\t\t\t\t<\/div>\n\t\t\t\t\t<\/div>\n\t\t<\/div>\n\t\t\t\t\t<\/div>\n\t\t<\/section>\n\t\t\t\t<\/div>\n\t\t\t\t<\/div>\n\t<\/div>\n<\/div>\n\t\t\t\t<\/div>\n\t\t\t\t<\/div>\n\t\t\t\t\t<\/div>\n\t\t<\/div>\n\t\t\t\t\t<\/div>\n\t\t<\/section>\n\t\t\t\t<\/div>\n\t\t","protected":false},"excerpt":{"rendered":"<p>Frequently asked questions Coming to Montreal Going abroad J\u2019ai commenc\u00e9 des \u00e9tudes de m\u00e9decine dans une facult\u00e9 hors du Qu\u00e9bec, mais je souhaite les terminer \u00e0 l\u2019UdeM. Un transfert est-il possible? Il n\u2019y a pas de transfert possible entre une autre Facult\u00e9 de m\u00e9decine et la n\u00f4tre. Cependant, si vous r\u00e9pondez aux\u00a0conditions g\u00e9n\u00e9rales d\u2019admissibilit\u00e9, vous [&hellip;]<\/p>\n","protected":false},"author":14,"featured_media":78000,"parent":78048,"menu_order":7,"comment_status":"closed","ping_status":"closed","template":"","meta":{"footnotes":""},"class_list":["post-78001","page","type-page","status-publish","has-post-thumbnail","hentry"],"yoast_head":"<!-- This site is optimized with the Yoast SEO plugin v25.0 - https:\/\/yoast.com\/wordpress\/plugins\/seo\/ -->\n<title>Admissions guide for international students<\/title>\n<meta name=\"description\" content=\"Study abroad office\" \/>\n<meta name=\"robots\" content=\"index, follow, max-snippet:-1, max-image-preview:large, max-video-preview:-1\" \/>\n<link rel=\"canonical\" href=\"https:\/\/medecine.umontreal.ca\/en\/international\/faq-international-mobility\/\" \/>\n<meta property=\"og:locale\" content=\"en_US\" \/>\n<meta property=\"og:type\" content=\"article\" \/>\n<meta property=\"og:title\" content=\"Admissions guide for international students\" \/>\n<meta property=\"og:description\" content=\"Study abroad office\" \/>\n<meta property=\"og:url\" content=\"https:\/\/medecine.umontreal.ca\/en\/international\/faq-international-mobility\/\" \/>\n<meta property=\"og:site_name\" content=\"Facult\u00e9 de m\u00e9decine\" \/>\n<meta property=\"article:modified_time\" content=\"2026-08-28T22:30:01+00:00\" \/>\n<meta property=\"og:image\" content=\"https:\/\/medecine.umontreal.ca\/wp-content\/uploads\/sites\/68\/2022\/04\/faq-faculte-medecine-udem.jpeg\" \/>\n\t<meta property=\"og:image:width\" content=\"1837\" \/>\n\t<meta property=\"og:image:height\" content=\"1311\" \/>\n\t<meta property=\"og:image:type\" content=\"image\/jpeg\" \/>\n<meta name=\"twitter:card\" content=\"summary_large_image\" \/>\n<meta name=\"twitter:label1\" content=\"Est. reading time\" \/>\n\t<meta name=\"twitter:data1\" content=\"7 minutes\" \/>\n<script type=\"application\/ld+json\" class=\"yoast-schema-graph\">{\"@context\":\"https:\/\/schema.org\",\"@graph\":[{\"@type\":\"WebPage\",\"@id\":\"https:\/\/medecine.umontreal.ca\/en\/international\/faq-international-mobility\/\",\"url\":\"https:\/\/medecine.umontreal.ca\/en\/international\/faq-international-mobility\/\",\"name\":\"Admissions guide for international students\",\"isPartOf\":{\"@id\":\"https:\/\/medecine.umontreal.ca\/#website\"},\"primaryImageOfPage\":{\"@id\":\"https:\/\/medecine.umontreal.ca\/en\/international\/faq-international-mobility\/#primaryimage\"},\"image\":{\"@id\":\"https:\/\/medecine.umontreal.ca\/en\/international\/faq-international-mobility\/#primaryimage\"},\"thumbnailUrl\":\"https:\/\/medecine.umontreal.ca\/wp-content\/uploads\/sites\/68\/2022\/04\/faq-faculte-medecine-udem.jpeg\",\"datePublished\":\"2022-10-04T14:14:08+00:00\",\"dateModified\":\"2026-08-28T22:30:01+00:00\",\"description\":\"Study abroad office\",\"breadcrumb\":{\"@id\":\"https:\/\/medecine.umontreal.ca\/en\/international\/faq-international-mobility\/#breadcrumb\"},\"inLanguage\":\"en-US\",\"potentialAction\":[{\"@type\":\"ReadAction\",\"target\":[\"https:\/\/medecine.umontreal.ca\/en\/international\/faq-international-mobility\/\"]}]},{\"@type\":\"ImageObject\",\"inLanguage\":\"en-US\",\"@id\":\"https:\/\/medecine.umontreal.ca\/en\/international\/faq-international-mobility\/#primaryimage\",\"url\":\"https:\/\/medecine.umontreal.ca\/wp-content\/uploads\/sites\/68\/2022\/04\/faq-faculte-medecine-udem.jpeg\",\"contentUrl\":\"https:\/\/medecine.umontreal.ca\/wp-content\/uploads\/sites\/68\/2022\/04\/faq-faculte-medecine-udem.jpeg\",\"width\":1837,\"height\":1311},{\"@type\":\"BreadcrumbList\",\"@id\":\"https:\/\/medecine.umontreal.ca\/en\/international\/faq-international-mobility\/#breadcrumb\",\"itemListElement\":[{\"@type\":\"ListItem\",\"position\":1,\"name\":\"Accueil\",\"item\":\"https:\/\/medecine.umontreal.ca\/\"},{\"@type\":\"ListItem\",\"position\":2,\"name\":\"International\",\"item\":\"https:\/\/medecine.umontreal.ca\/en\/international\/\"},{\"@type\":\"ListItem\",\"position\":3,\"name\":\"FAQ &#8211; International mobility\"}]},{\"@type\":\"WebSite\",\"@id\":\"https:\/\/medecine.umontreal.ca\/#website\",\"url\":\"https:\/\/medecine.umontreal.ca\/\",\"name\":\"Facult\u00e9 de m\u00e9decine\",\"description\":\"\",\"potentialAction\":[{\"@type\":\"SearchAction\",\"target\":{\"@type\":\"EntryPoint\",\"urlTemplate\":\"https:\/\/medecine.umontreal.ca\/?s={search_term_string}\"},\"query-input\":{\"@type\":\"PropertyValueSpecification\",\"valueRequired\":true,\"valueName\":\"search_term_string\"}}],\"inLanguage\":\"en-US\"}]}<\/script>\n<!-- \/ Yoast SEO plugin. -->","yoast_head_json":{"title":"Admissions guide for international students","description":"Study abroad office","robots":{"index":"index","follow":"follow","max-snippet":"max-snippet:-1","max-image-preview":"max-image-preview:large","max-video-preview":"max-video-preview:-1"},"canonical":"https:\/\/medecine.umontreal.ca\/en\/international\/faq-international-mobility\/","og_locale":"en_US","og_type":"article","og_title":"Admissions guide for international students","og_description":"Study abroad office","og_url":"https:\/\/medecine.umontreal.ca\/en\/international\/faq-international-mobility\/","og_site_name":"Facult\u00e9 de m\u00e9decine","article_modified_time":"2026-08-28T22:30:01+00:00","og_image":[{"width":1837,"height":1311,"url":"https:\/\/medecine.umontreal.ca\/wp-content\/uploads\/sites\/68\/2022\/04\/faq-faculte-medecine-udem.jpeg","type":"image\/jpeg"}],"twitter_card":"summary_large_image","twitter_misc":{"Est. reading time":"7 minutes"},"schema":{"@context":"https:\/\/schema.org","@graph":[{"@type":"WebPage","@id":"https:\/\/medecine.umontreal.ca\/en\/international\/faq-international-mobility\/","url":"https:\/\/medecine.umontreal.ca\/en\/international\/faq-international-mobility\/","name":"Admissions guide for international students","isPartOf":{"@id":"https:\/\/medecine.umontreal.ca\/#website"},"primaryImageOfPage":{"@id":"https:\/\/medecine.umontreal.ca\/en\/international\/faq-international-mobility\/#primaryimage"},"image":{"@id":"https:\/\/medecine.umontreal.ca\/en\/international\/faq-international-mobility\/#primaryimage"},"thumbnailUrl":"https:\/\/medecine.umontreal.ca\/wp-content\/uploads\/sites\/68\/2022\/04\/faq-faculte-medecine-udem.jpeg","datePublished":"2022-10-04T14:14:08+00:00","dateModified":"2026-08-28T22:30:01+00:00","description":"Study abroad office","breadcrumb":{"@id":"https:\/\/medecine.umontreal.ca\/en\/international\/faq-international-mobility\/#breadcrumb"},"inLanguage":"en-US","potentialAction":[{"@type":"ReadAction","target":["https:\/\/medecine.umontreal.ca\/en\/international\/faq-international-mobility\/"]}]},{"@type":"ImageObject","inLanguage":"en-US","@id":"https:\/\/medecine.umontreal.ca\/en\/international\/faq-international-mobility\/#primaryimage","url":"https:\/\/medecine.umontreal.ca\/wp-content\/uploads\/sites\/68\/2022\/04\/faq-faculte-medecine-udem.jpeg","contentUrl":"https:\/\/medecine.umontreal.ca\/wp-content\/uploads\/sites\/68\/2022\/04\/faq-faculte-medecine-udem.jpeg","width":1837,"height":1311},{"@type":"BreadcrumbList","@id":"https:\/\/medecine.umontreal.ca\/en\/international\/faq-international-mobility\/#breadcrumb","itemListElement":[{"@type":"ListItem","position":1,"name":"Accueil","item":"https:\/\/medecine.umontreal.ca\/"},{"@type":"ListItem","position":2,"name":"International","item":"https:\/\/medecine.umontreal.ca\/en\/international\/"},{"@type":"ListItem","position":3,"name":"FAQ &#8211; International mobility"}]},{"@type":"WebSite","@id":"https:\/\/medecine.umontreal.ca\/#website","url":"https:\/\/medecine.umontreal.ca\/","name":"Facult\u00e9 de m\u00e9decine","description":"","potentialAction":[{"@type":"SearchAction","target":{"@type":"EntryPoint","urlTemplate":"https:\/\/medecine.umontreal.ca\/?s={search_term_string}"},"query-input":{"@type":"PropertyValueSpecification","valueRequired":true,"valueName":"search_term_string"}}],"inLanguage":"en-US"}]}},"_links":{"self":[{"href":"https:\/\/medecine.umontreal.ca\/en\/wp-json\/wp\/v2\/pages\/78001","targetHints":{"allow":["GET"]}}],"collection":[{"href":"https:\/\/medecine.umontreal.ca\/en\/wp-json\/wp\/v2\/pages"}],"about":[{"href":"https:\/\/medecine.umontreal.ca\/en\/wp-json\/wp\/v2\/types\/page"}],"author":[{"embeddable":true,"href":"https:\/\/medecine.umontreal.ca\/en\/wp-json\/wp\/v2\/users\/14"}],"replies":[{"embeddable":true,"href":"https:\/\/medecine.umontreal.ca\/en\/wp-json\/wp\/v2\/comments?post=78001"}],"version-history":[{"count":4,"href":"https:\/\/medecine.umontreal.ca\/en\/wp-json\/wp\/v2\/pages\/78001\/revisions"}],"predecessor-version":[{"id":78050,"href":"https:\/\/medecine.umontreal.ca\/en\/wp-json\/wp\/v2\/pages\/78001\/revisions\/78050"}],"up":[{"embeddable":true,"href":"https:\/\/medecine.umontreal.ca\/en\/wp-json\/wp\/v2\/pages\/78048"}],"wp:featuredmedia":[{"embeddable":true,"href":"https:\/\/medecine.umontreal.ca\/en\/wp-json\/wp\/v2\/media\/78000"}],"wp:attachment":[{"href":"https:\/\/medecine.umontreal.ca\/en\/wp-json\/wp\/v2\/media?parent=78001"}],"curies":[{"name":"wp","href":"https:\/\/api.w.org\/{rel}","templated":true}]}}